{"id":1889,"date":"2026-02-23T16:54:57","date_gmt":"2026-02-23T15:54:57","guid":{"rendered":"https:\/\/www.agricamper.com\/inspire\/"},"modified":"2026-04-24T08:11:45","modified_gmt":"2026-04-24T08:11:45","slug":"sinspirer","status":"publish","type":"page","link":"https:\/\/www.agricamper.com\/fr\/sinspirer\/","title":{"rendered":"S\u2019inspirer"},"content":{"rendered":"<p class=\"attachment\"><a href='https:\/\/www.agricamper.com\/wp-content\/uploads\/2026\/04\/agricamper-carnevale-sardegna-camper-roulotte.png'><img loading=\"lazy\" decoding=\"async\" width=\"300\" height=\"159\" src=\"https:\/\/www.agricamper.com\/wp-content\/uploads\/2026\/04\/agricamper-carnevale-sardegna-camper-roulotte-300x159.png\" class=\"attachment-medium size-medium\" alt=\"\" srcset=\"https:\/\/www.agricamper.com\/wp-content\/uploads\/2026\/04\/agricamper-carnevale-sardegna-camper-roulotte-300x159.png 300w, https:\/\/www.agricamper.com\/wp-content\/uploads\/2026\/04\/agricamper-carnevale-sardegna-camper-roulotte-1024x543.png 1024w, https:\/\/www.agricamper.com\/wp-content\/uploads\/2026\/04\/agricamper-carnevale-sardegna-camper-roulotte-768x407.png 768w, https:\/\/www.agricamper.com\/wp-content\/uploads\/2026\/04\/agricamper-carnevale-sardegna-camper-roulotte-600x318.png 600w, https:\/\/www.agricamper.com\/wp-content\/uploads\/2026\/04\/agricamper-carnevale-sardegna-camper-roulotte.png 1070w\" sizes=\"auto, (max-width: 300px) 100vw, 300px\" \/><\/a><\/p>\n<div class='breakdance'><section class=\"bde-section-1889-100 bde-section bde-preset-880dfed4-3873-4d47-944e-9165c4d43470\">\n  \n  \n\t\n\n\n\n<div class=\"section-container\"><div class=\"bde-shortcode-1889-101 bde-shortcode\"><!-- Gridbuilder \u1d42\u1d3e Plugin (https:\/\/wpgridbuilder.com) -->\n<div class=\"wp-grid-builder wpgb-grid-2\" data-options=\"{&quot;id&quot;:2,&quot;type&quot;:&quot;masonry&quot;,&quot;source&quot;:&quot;post_type&quot;,&quot;loader&quot;:false,&quot;layout&quot;:&quot;vertical&quot;,&quot;reveal&quot;:0,&quot;isMainQuery&quot;:0,&quot;lazyLoad&quot;:false,&quot;cardSizes&quot;:{&quot;9999&quot;:{&quot;columns&quot;:1,&quot;height&quot;:120,&quot;gutter&quot;:0,&quot;ratio&quot;:&quot;1.33333&quot;}},&quot;fitRows&quot;:false,&quot;equalRows&quot;:0,&quot;equalColumns&quot;:false,&quot;fillLastRow&quot;:0,&quot;centerLastRow&quot;:0,&quot;horizontalOrder&quot;:false,&quot;fullWidth&quot;:false,&quot;transitionDelay&quot;:100,&quot;gallerySlideshow&quot;:false,&quot;rowsNumber&quot;:1,&quot;slideAlign&quot;:&quot;left&quot;,&quot;groupCells&quot;:1,&quot;draggable&quot;:true,&quot;initialIndex&quot;:0,&quot;contain&quot;:false,&quot;freeScroll&quot;:false,&quot;freeFriction&quot;:&quot;0.075&quot;,&quot;friction&quot;:&quot;0.285&quot;,&quot;attraction&quot;:&quot;0.025&quot;,&quot;autoPlay&quot;:0,&quot;pageDotAriaLabel&quot;:&quot;Point de page %d&quot;,&quot;isPreview&quot;:false,&quot;isGutenberg&quot;:false,&quot;rightToLeft&quot;:false}\"><div class=\"wpgb-svg-icons\" hidden>\n\t<svg viewBox=\"0 0 120 24\" width=\"0\" height=\"0\">\n\t<defs>\n        <polygon id=\"wpgb-star-svg\" points=\"12 2.5 15.1 8.8 22 9.8 17 14.6 18.2 21.5 12 18.3 5.8 21.5 7 14.6 2 9.8 8.9 8.8\"><\/polygon>\n    <\/defs>\n    <symbol id=\"wpgb-rating-stars-svg\">\n        <use xlink:href=\"#wpgb-star-svg\"><\/use>\n        <use xlink:href=\"#wpgb-star-svg\" x=\"24\"><\/use>\n        <use xlink:href=\"#wpgb-star-svg\" x=\"48\"><\/use>\n        <use xlink:href=\"#wpgb-star-svg\" x=\"72\"><\/use>\n        <use xlink:href=\"#wpgb-star-svg\" x=\"96\"><\/use>\n    <\/symbol>\n<\/svg>\n<\/div>\n<div class=\"wpgb-wrapper\">\n\t<div class=\"wpgb-main\">\n\t<div class=\"wpgb-layout\">\n\t<div class=\"wpgb-viewport\">\n\t\t<div class=\"wpgb-masonry\">\n\t\t\t<article class=\"wpgb-card wpgb-card-2 wpgb-post-133033\" data-col=\"1\" data-row=\"1\" data-format=\"standard\"><div class=\"wpgb-card-wrapper\"><div class=\"wpgb-card-inner itemBlog enAvant\" data-action><div class=\"wpgb-card-media wpgb-scheme-light\"><svg data-ratio style=\"padding-top:52.34%\" viewBox=\"0 0 768 402\" aria-hidden=\"true\"><\/svg><div class=\"wpgb-card-media-thumbnail\"><a href=\"https:\/\/www.agricamper.com\/wp-content\/uploads\/2026\/04\/agricamper-ciliegi-fioritura-camper-roulotte-3.jpg\" tabindex=\"-1\" class=\"wpgb-handle-lb wpgb-lightbox\" data-type=\"image\" data-rel=\"2\" data-title=\"agricamper-ciliegi-fioritura-camper-roulotte\" title=\"Agrandir la photo\"><div style=\"background-image:url(https:\/\/www.agricamper.com\/wp-content\/uploads\/2026\/04\/agricamper-ciliegi-fioritura-camper-roulotte-3-768x402.jpg)\"><\/div><noscript><img loading=\"lazy\" decoding=\"async\" class=\"wpgb-noscript-img\" src=\"https:\/\/www.agricamper.com\/wp-content\/uploads\/2026\/04\/agricamper-ciliegi-fioritura-camper-roulotte-3-768x402.jpg\" alt=\"\" height=\"402\" width=\"768\"><\/noscript><\/a><\/div><\/div><div class=\"wpgb-card-content wpgb-scheme-dark\"><div class=\"wpgb-card-body\"><h2 class=\"wpgb-block-1 itemBlog-titre\">O\u00f9 admirer les plus belles floraisons d\u2019Italie en camping-car ou en caravane<\/h2><div class=\"wpgb-block-2 wpgb-card-footer\"><time class=\"wpgb-block-3 itemBlog-date\" datetime=\"2026-04-13T06:00:00+02:00\">13.04.26<\/time><div class=\"wpgb-block-4 itemBlog-categorie\"><span class=\"wpgb-block-term\" data-id=\"347\">Voyage en camping-car et caravane en Italie<\/span><\/div><\/div><p class=\"wpgb-block-5 itemBlog-texte\">Le printemps est l\u2019une des plus belles saisons pour prendre la route. Les paysages changent de couleur, les parfums s\u2019intensifient...<\/p><div class=\"wpgb-block-6 itemBlog-bouton button-atom button-atom--primary\">Lire<\/div><\/div><\/div><a class=\"wpgb-card-layer-link\" href=\"https:\/\/www.agricamper.com\/fr\/get-inspired\/ou-admirer-les-plus-belles-floraisons-ditalie-en-camping-car-ou-en-caravane\/\"><\/a><\/div><\/div><\/article>\t\t<\/div>\n\t<\/div>\n\t<\/div>\n\t<\/div>\n\t\t<\/div>\n<\/div>\n<\/div><\/div>\n<\/section><section class=\"bde-section-1889-102 bde-section\">\n  \n  \n\t\n\n\n\n<div class=\"section-container\"><h2 class=\"bde-heading-1889-103 bde-heading\" data-entrance=\"slideUp\">\nExplorez nos r\u00e9gions\n<\/h2><div class=\"bde-advancedslider-1889-104 bde-advancedslider\" data-entrance=\"slideUp\">\n<div class=\"breakdance-swiper-wrapper\" data-swiper-id=\"104\">\n  <div class=\"swiper\">\n    <div class=\"swiper-wrapper\">\n      <div class=\"bde-advancedslide-1889-105 bde-advancedslide bde-preset-9cb72534-4bb8-4519-aa2a-cf26a4c09a54 swiper-slide\"><div class=\"advanced-slider__slide\">\r\n  <div class=\"bde-image-box-1889-106 bde-image-box bde-preset-d8eb410a-d6fa-4707-9c08-cc21a47c114f bde-image-box-content-padding-only\">\n<div class=\"ee-imagebox-image\">\n  <img loading=\"lazy\" decoding=\"async\" class=\"breakdance-image-object\" src=\"https:\/\/www.agricamper.com\/wp-content\/uploads\/2026\/02\/hasmik-ghazaryan-olson-LKBW3401d-0-unsplash.jpg\" width=\"1600\" height=\"1200\" srcset=\"https:\/\/www.agricamper.com\/wp-content\/uploads\/2026\/02\/hasmik-ghazaryan-olson-LKBW3401d-0-unsplash.jpg 1600w, https:\/\/www.agricamper.com\/wp-content\/uploads\/2026\/02\/hasmik-ghazaryan-olson-LKBW3401d-0-unsplash-600x450.jpg 600w, https:\/\/www.agricamper.com\/wp-content\/uploads\/2026\/02\/hasmik-ghazaryan-olson-LKBW3401d-0-unsplash-300x225.jpg 300w, https:\/\/www.agricamper.com\/wp-content\/uploads\/2026\/02\/hasmik-ghazaryan-olson-LKBW3401d-0-unsplash-1024x768.jpg 1024w, https:\/\/www.agricamper.com\/wp-content\/uploads\/2026\/02\/hasmik-ghazaryan-olson-LKBW3401d-0-unsplash-768x576.jpg 768w, https:\/\/www.agricamper.com\/wp-content\/uploads\/2026\/02\/hasmik-ghazaryan-olson-LKBW3401d-0-unsplash-1536x1152.jpg 1536w, https:\/\/www.agricamper.com\/wp-content\/uploads\/2026\/02\/hasmik-ghazaryan-olson-LKBW3401d-0-unsplash-16x12.jpg 16w\" sizes=\"auto, (max-width: 1600px) 100vw, 1600px\" alt=\"Vall\u00e9e d'Aoste\">\n<\/div>\n<div class=\"ee-imagebox-content\">\n      <h3 class=\"ee-imagebox-title bde-h3\" >Lombardie<\/h3>\n    \n    \n          \n                        \n                        \n    \n    \n    \n    \n            \n                    \n            \n            \n\n    \n    \n    \n    \n    \n    <a class=\"breakdance-link button-atom button-atom--custom ee-imagebox-button\" href=\"\/fr\/sinspirer\/12-etapes-pour-decouvrir-la-lombardie-en-camping-car-et-en-caravane\/\" target=\"_self\" data-type=\"url\"  >\n\n    \n        <span class=\"button-atom__text\">Learn More<\/span>\n\n                            \n        \n                <\/a>\n\n    \n\n  <\/div>\n\n<\/div>\r\n<\/div><\/div><div class=\"bde-advancedslide-1889-107 bde-advancedslide bde-preset-9cb72534-4bb8-4519-aa2a-cf26a4c09a54 swiper-slide\"><div class=\"advanced-slider__slide\">\r\n  <div class=\"bde-image-box-1889-108 bde-image-box bde-preset-d8eb410a-d6fa-4707-9c08-cc21a47c114f bde-image-box-content-padding-only\">\n<div class=\"ee-imagebox-image\">\n  <img loading=\"lazy\" decoding=\"async\" class=\"breakdance-image-object\" src=\"https:\/\/www.agricamper.com\/wp-content\/uploads\/2026\/04\/motorhome-veneto.webp\" width=\"640\" height=\"427\" srcset=\"https:\/\/www.agricamper.com\/wp-content\/uploads\/2026\/04\/motorhome-veneto.webp 640w, https:\/\/www.agricamper.com\/wp-content\/uploads\/2026\/04\/motorhome-veneto-300x200.webp 300w, https:\/\/www.agricamper.com\/wp-content\/uploads\/2026\/04\/motorhome-veneto-600x400.webp 600w\" sizes=\"auto, (max-width: 640px) 100vw, 640px\" alt=\"Dolomites\">\n<\/div>\n<div class=\"ee-imagebox-content\">\n      <h3 class=\"ee-imagebox-title bde-h3\" >V\u00e9n\u00e9tie<\/h3>\n    \n    \n          \n                        \n                        \n    \n    \n    \n    \n            \n                    \n            \n            \n\n    \n    \n    \n    \n    \n    <a class=\"breakdance-link button-atom button-atom--custom ee-imagebox-button\" href=\"\/fr\/sinspirer\/venetie-7-provinces-a-decouvrir-en-camping-car-et-en-caravane\/\" target=\"_self\" data-type=\"url\"  >\n\n    \n        <span class=\"button-atom__text\">Learn More<\/span>\n\n                            \n        \n                <\/a>\n\n    \n\n  <\/div>\n\n<\/div>\r\n<\/div><\/div><div class=\"bde-advancedslide-1889-109 bde-advancedslide bde-preset-9cb72534-4bb8-4519-aa2a-cf26a4c09a54 swiper-slide\"><div class=\"advanced-slider__slide\">\r\n  <div class=\"bde-image-box-1889-110 bde-image-box bde-preset-d8eb410a-d6fa-4707-9c08-cc21a47c114f bde-image-box-content-padding-only\">\n<div class=\"ee-imagebox-image\">\n  <img loading=\"lazy\" decoding=\"async\" class=\"breakdance-image-object\" src=\"https:\/\/www.agricamper.com\/wp-content\/uploads\/2026\/04\/motorhome-tuscany.webp\" width=\"640\" height=\"960\" srcset=\"https:\/\/www.agricamper.com\/wp-content\/uploads\/2026\/04\/motorhome-tuscany.webp 640w, https:\/\/www.agricamper.com\/wp-content\/uploads\/2026\/04\/motorhome-tuscany-200x300.webp 200w, https:\/\/www.agricamper.com\/wp-content\/uploads\/2026\/04\/motorhome-tuscany-600x900.webp 600w\" sizes=\"auto, (max-width: 640px) 100vw, 640px\" alt=\"Le Cornelle\">\n<\/div>\n<div class=\"ee-imagebox-content\">\n      <h3 class=\"ee-imagebox-title bde-h3\" >Toscane<\/h3>\n    \n    \n          \n                        \n                        \n    \n    \n    \n    \n            \n                    \n            \n            \n\n    \n    \n    \n    \n    \n    <a class=\"breakdance-link button-atom button-atom--custom ee-imagebox-button\" href=\"\/fr\/sinspirer\/toscane-18-lieux-a-decouvrir-en-camping-car-et-caravane\/\" target=\"_self\" data-type=\"url\"  >\n\n    \n        <span class=\"button-atom__text\">Learn More<\/span>\n\n                            \n        \n                <\/a>\n\n    \n\n  <\/div>\n\n<\/div>\r\n<\/div><\/div><div class=\"bde-advancedslide-1889-111 bde-advancedslide bde-preset-9cb72534-4bb8-4519-aa2a-cf26a4c09a54 swiper-slide\"><div class=\"advanced-slider__slide\">\r\n  <div class=\"bde-image-box-1889-112 bde-image-box bde-preset-d8eb410a-d6fa-4707-9c08-cc21a47c114f bde-image-box-content-padding-only\">\n<div class=\"ee-imagebox-image\">\n  <img loading=\"lazy\" decoding=\"async\" class=\"breakdance-image-object\" src=\"https:\/\/www.agricamper.com\/wp-content\/uploads\/2026\/04\/motorhome-sardinia.webp\" width=\"640\" height=\"960\" srcset=\"https:\/\/www.agricamper.com\/wp-content\/uploads\/2026\/04\/motorhome-sardinia.webp 640w, https:\/\/www.agricamper.com\/wp-content\/uploads\/2026\/04\/motorhome-sardinia-200x300.webp 200w, https:\/\/www.agricamper.com\/wp-content\/uploads\/2026\/04\/motorhome-sardinia-600x900.webp 600w\" sizes=\"auto, (max-width: 640px) 100vw, 640px\" alt=\"V\u00e9n\u00e9tie\">\n<\/div>\n<div class=\"ee-imagebox-content\">\n      <h3 class=\"ee-imagebox-title bde-h3\" >Sardaigne<\/h3>\n    \n    \n          \n                        \n                        \n    \n    \n    \n    \n            \n                    \n            \n            \n\n    \n    \n    \n    \n    \n    <a class=\"breakdance-link button-atom button-atom--custom ee-imagebox-button\" href=\"https:\/\/www.agricamper.com\/fr\/get-inspired\/la-sardaigne-sur-la-route-aventures-et-decouvertes-en-camping-car-le-long-des-cotes-et-a-linterieur-des-terres\/\" target=\"_self\" data-type=\"url\"  >\n\n    \n        <span class=\"button-atom__text\">Learn More<\/span>\n\n                            \n        \n                <\/a>\n\n    \n\n  <\/div>\n\n<\/div>\r\n<\/div><\/div>\n    <\/div>\n  <\/div>\n\n      \n    \n<\/div>\n\n<\/div><\/div>\n<\/section><section class=\"bde-section-1889-113 bde-section bde-preset-880dfed4-3873-4d47-944e-9165c4d43470\">\n  \n  \n\t\n\n\n\n<div class=\"section-container\"><div class=\"bde-div-1889-114 bde-div\" data-entrance=\"slideUp\">\n  \n  \n\t\n\n\n\n<div class=\"bde-shortcode-1889-115 bde-shortcode filtreRecherche\"><div class=\"wpgb-facet wpgb-loading wpgb-facet-3\" data-facet=\"3\" data-grid=\"1\">\t<fieldset>\n\t\t<legend class=\"wpgb-facet-title wpgb-sr-only\">Recherche<\/legend>\n\t\t<div class=\"wpgb-search-facet\"><label>\n\t\t\t\t<span class=\"wpgb-sr-only\">Rechercher<\/span>\n\t\t\t\t<input class=\"wpgb-input\" type=\"search\" name=\"recherche\" placeholder=\"Rechercher...\" value=\"\" autocomplete=\"off\">\n\t\t\t\t<svg class=\"wpgb-input-icon\" viewBox=\"0 0 24 24\" height=\"16\" width=\"16\" aria-hidden=\"true\" focusable=\"false\"><path d=\"M17.5 17.5 23 23Zm-16-7a9 9 0 1 1 9 9 9 9 0 0 1-9-9Z\"\/><\/svg>\n\t\t\t<\/label><button type=\"button\" class=\"wpgb-clear-button\" hidden><span class=\"wpgb-sr-only\">Effacer<\/span><svg viewBox=\"0 0 24 24\" height=\"24\" width=\"24\" aria-hidden=\"true\" focusable=\"false\"><path d=\"m12 12-4.25 4.75L12.001 12 7.75 7.25 12.001 12l4.249-4.75L12 12l4.25 4.75Z\"\/><\/svg><\/button><\/div>\t<\/fieldset>\n\t<\/div><\/div><div class=\"bde-shortcode-1889-116 bde-shortcode filtreCategories\"><div class=\"wpgb-facet wpgb-loading wpgb-facet-1\" data-facet=\"1\" data-grid=\"1\">\t<fieldset>\n\t\t<legend class=\"wpgb-facet-title wpgb-sr-only\">Tri par cat\u00e9gories<\/legend>\n\t\t<div class=\"wpgb-button-facet\"><ul class=\"wpgb-inline-list\"><li><div class=\"wpgb-button\" role=\"button\" aria-pressed=\"true\" tabindex=\"0\"><input type=\"hidden\" name=\"tri_par_categories\" value=\"\"><span class=\"wpgb-button-label\">Tous<\/span><\/div><\/li><li><div class=\"wpgb-button\" role=\"button\" aria-pressed=\"false\" tabindex=\"0\"><input type=\"hidden\" name=\"tri_par_categories\" value=\"voyage-en-camping-car-et-caravane-en-italie\"><span class=\"wpgb-button-label\">Voyage en camping-car et caravane en Italie<\/span><\/div><\/li><li><div class=\"wpgb-button\" role=\"button\" aria-pressed=\"false\" tabindex=\"0\"><input type=\"hidden\" name=\"tri_par_categories\" value=\"voyages-camping-car-caravane-europe\"><span class=\"wpgb-button-label\">Voyages en camping-car et caravane en Europe<\/span><\/div><\/li><li><div class=\"wpgb-button\" role=\"button\" aria-pressed=\"false\" tabindex=\"0\"><input type=\"hidden\" name=\"tri_par_categories\" value=\"conseils-de-voyage-pour-les-camping-cars-et-les-caravanes\"><span class=\"wpgb-button-label\">Conseils de voyage pour les camping-cars et les caravanes<\/span><\/div><\/li><\/ul><\/div>\t<\/fieldset>\n\t<\/div><\/div>\n<\/div><div class=\"bde-shortcode-1889-117 bde-shortcode\" data-entrance=\"slideUp\"><!-- Gridbuilder \u1d42\u1d3e Plugin (https:\/\/wpgridbuilder.com) -->\n<div class=\"wp-grid-builder wpgb-grid-1\" data-options=\"{&quot;id&quot;:1,&quot;type&quot;:&quot;masonry&quot;,&quot;source&quot;:&quot;post_type&quot;,&quot;loader&quot;:true,&quot;layout&quot;:&quot;vertical&quot;,&quot;reveal&quot;:0,&quot;isMainQuery&quot;:0,&quot;lazyLoad&quot;:false,&quot;cardSizes&quot;:{&quot;9999&quot;:{&quot;columns&quot;:3,&quot;height&quot;:220,&quot;gutter&quot;:32,&quot;ratio&quot;:&quot;1.33333&quot;},&quot;1024&quot;:{&quot;columns&quot;:2,&quot;height&quot;:200,&quot;gutter&quot;:32,&quot;ratio&quot;:&quot;1.33333&quot;},&quot;640&quot;:{&quot;columns&quot;:1,&quot;height&quot;:200,&quot;gutter&quot;:32,&quot;ratio&quot;:&quot;1.33333&quot;}},&quot;fitRows&quot;:true,&quot;equalRows&quot;:0,&quot;equalColumns&quot;:true,&quot;fillLastRow&quot;:0,&quot;centerLastRow&quot;:0,&quot;horizontalOrder&quot;:false,&quot;fullWidth&quot;:false,&quot;transitionDelay&quot;:100,&quot;gallerySlideshow&quot;:false,&quot;rowsNumber&quot;:1,&quot;slideAlign&quot;:&quot;left&quot;,&quot;groupCells&quot;:1,&quot;draggable&quot;:true,&quot;initialIndex&quot;:0,&quot;contain&quot;:false,&quot;freeScroll&quot;:false,&quot;freeFriction&quot;:&quot;0.075&quot;,&quot;friction&quot;:&quot;0.285&quot;,&quot;attraction&quot;:&quot;0.025&quot;,&quot;autoPlay&quot;:0,&quot;pageDotAriaLabel&quot;:&quot;Point de page %d&quot;,&quot;isPreview&quot;:false,&quot;isGutenberg&quot;:false,&quot;rightToLeft&quot;:false}\"><div class=\"wpgb-wrapper\">\n\t<div class=\"wpgb-main\">\n\t<div class=\"wpgb-layout\">\n\t<div class=\"wpgb-viewport\">\n\t\t<div class=\"wpgb-masonry\">\n\t\t\t<article class=\"wpgb-card wpgb-card-1 wpgb-post-4923\" data-col=\"1\" data-row=\"1\" data-format=\"standard\"><div class=\"wpgb-card-wrapper\"><div class=\"wpgb-card-inner itemBlog\" data-action><div class=\"wpgb-card-media wpgb-scheme-light\"><svg data-ratio style=\"padding-top:52.47%\" viewBox=\"0 0 768 403\" aria-hidden=\"true\"><\/svg><div class=\"wpgb-card-media-thumbnail\"><a href=\"https:\/\/www.agricamper.com\/wp-content\/uploads\/2026\/04\/agricamper-fattorie-italia-camper-roulotte.jpg\" tabindex=\"-1\" class=\"wpgb-handle-lb wpgb-lightbox\" data-type=\"image\" data-rel=\"1\" data-title=\"agricamper-fattorie-italia-camper-roulotte\" title=\"Agrandir la photo\"><div style=\"background-image:url(https:\/\/www.agricamper.com\/wp-content\/uploads\/2026\/04\/agricamper-fattorie-italia-camper-roulotte-768x403.jpg)\"><\/div><noscript><img loading=\"lazy\" decoding=\"async\" class=\"wpgb-noscript-img\" src=\"https:\/\/www.agricamper.com\/wp-content\/uploads\/2026\/04\/agricamper-fattorie-italia-camper-roulotte-768x403.jpg\" alt=\"\" height=\"403\" width=\"768\"><\/noscript><\/a><\/div><\/div><div class=\"wpgb-card-content wpgb-scheme-dark\"><div class=\"wpgb-card-body\"><h3 class=\"wpgb-block-1 itemBlog-titre\">Les enfants, la nature et la libert\u00e9 : optez pour des s\u00e9jours \u00e0 la ferme lors de vos voyages en camping-car<\/h3><\/div><div class=\"wpgb-card-footer\"><time class=\"wpgb-block-3 itemBlog-date\" datetime=\"2026-04-06T06:00:00+02:00\">06.04.26<\/time><div class=\"wpgb-block-4 itemBlog-categorie\"><span class=\"wpgb-block-term\" data-id=\"347\">Voyage en camping-car et caravane en Italie<\/span><\/div><\/div><\/div><a class=\"wpgb-card-layer-link\" href=\"https:\/\/www.agricamper.com\/fr\/get-inspired\/les-enfants-la-nature-et-la-liberte-optez-pour-des-sejours-a-la-ferme-lors-de-vos-voyages-en-camping-car\/\"><\/a><\/div><\/div><\/article><article class=\"wpgb-card wpgb-card-1 wpgb-post-4903\" data-col=\"1\" data-row=\"1\" data-format=\"standard\"><div class=\"wpgb-card-wrapper\"><div class=\"wpgb-card-inner itemBlog\" data-action><div class=\"wpgb-card-media wpgb-scheme-light\"><svg data-ratio style=\"padding-top:52.34%\" viewBox=\"0 0 768 402\" aria-hidden=\"true\"><\/svg><div class=\"wpgb-card-media-thumbnail\"><a href=\"https:\/\/www.agricamper.com\/wp-content\/uploads\/2026\/04\/agricamper-valli-comacchio-camper-roulotte.jpg\" tabindex=\"-1\" class=\"wpgb-handle-lb wpgb-lightbox\" data-type=\"image\" data-rel=\"1\" data-title=\"agricamper-valli-comacchio-camper-roulotte\" title=\"Agrandir la photo\"><div style=\"background-image:url(https:\/\/www.agricamper.com\/wp-content\/uploads\/2026\/04\/agricamper-valli-comacchio-camper-roulotte-768x402.jpg)\"><\/div><noscript><img loading=\"lazy\" decoding=\"async\" class=\"wpgb-noscript-img\" src=\"https:\/\/www.agricamper.com\/wp-content\/uploads\/2026\/04\/agricamper-valli-comacchio-camper-roulotte-768x402.jpg\" alt=\"\" height=\"402\" width=\"768\"><\/noscript><\/a><\/div><\/div><div class=\"wpgb-card-content wpgb-scheme-dark\"><div class=\"wpgb-card-body\"><h3 class=\"wpgb-block-1 itemBlog-titre\">P\u00e2ques en camping-car : 3 itin\u00e9raires authentiques alliant nature, traditions et gastronomie<\/h3><\/div><div class=\"wpgb-card-footer\"><time class=\"wpgb-block-3 itemBlog-date\" datetime=\"2026-03-30T06:00:00+02:00\">30.03.26<\/time><div class=\"wpgb-block-4 itemBlog-categorie\"><span class=\"wpgb-block-term\" data-id=\"347\">Voyage en camping-car et caravane en Italie<\/span><\/div><\/div><\/div><a class=\"wpgb-card-layer-link\" href=\"https:\/\/www.agricamper.com\/fr\/get-inspired\/paques-en-camping-car-3-itineraires-authentiques-alliant-nature-traditions-et-gastronomie\/\"><\/a><\/div><\/div><\/article><article class=\"wpgb-card wpgb-card-1 wpgb-post-4892\" data-col=\"1\" data-row=\"1\" data-format=\"standard\"><div class=\"wpgb-card-wrapper\"><div class=\"wpgb-card-inner itemBlog\" data-action><div class=\"wpgb-card-media wpgb-scheme-light\"><svg data-ratio style=\"padding-top:52.34%\" viewBox=\"0 0 768 402\" aria-hidden=\"true\"><\/svg><div class=\"wpgb-card-media-thumbnail\"><a href=\"https:\/\/www.agricamper.com\/wp-content\/uploads\/2026\/04\/agricamper_parco_della_fantasia_omegna_camper_roulotte.jpg\" tabindex=\"-1\" class=\"wpgb-handle-lb wpgb-lightbox\" data-type=\"image\" data-rel=\"1\" data-title=\"agricamper_parco_della_fantasia_omegna_camper_roulotte\" title=\"Agrandir la photo\"><div style=\"background-image:url(https:\/\/www.agricamper.com\/wp-content\/uploads\/2026\/04\/agricamper_parco_della_fantasia_omegna_camper_roulotte-768x402.jpg)\"><\/div><noscript><img loading=\"lazy\" decoding=\"async\" class=\"wpgb-noscript-img\" src=\"https:\/\/www.agricamper.com\/wp-content\/uploads\/2026\/04\/agricamper_parco_della_fantasia_omegna_camper_roulotte-768x402.jpg\" alt=\"\" height=\"402\" width=\"768\"><\/noscript><\/a><\/div><\/div><div class=\"wpgb-card-content wpgb-scheme-dark\"><div class=\"wpgb-card-body\"><h3 class=\"wpgb-block-1 itemBlog-titre\">Parco della Fantasia Gianni Rodari : 25 ans de cr\u00e9ativit\u00e9 et un nouveau mus\u00e9e interactif<\/h3><\/div><div class=\"wpgb-card-footer\"><time class=\"wpgb-block-3 itemBlog-date\" datetime=\"2026-03-23T07:00:00+01:00\">23.03.26<\/time><div class=\"wpgb-block-4 itemBlog-categorie\"><span class=\"wpgb-block-term\" data-id=\"347\">Voyage en camping-car et caravane en Italie<\/span><\/div><\/div><\/div><a class=\"wpgb-card-layer-link\" href=\"https:\/\/www.agricamper.com\/fr\/get-inspired\/parco-della-fantasia-gianni-rodari-25-ans-de-creativite-et-un-nouveau-musee-interactif\/\"><\/a><\/div><\/div><\/article><article class=\"wpgb-card wpgb-card-1 wpgb-post-4881\" data-col=\"1\" data-row=\"1\" data-format=\"standard\"><div class=\"wpgb-card-wrapper\"><div class=\"wpgb-card-inner itemBlog\" data-action><div class=\"wpgb-card-media wpgb-scheme-light\"><svg data-ratio style=\"padding-top:52.34%\" viewBox=\"0 0 768 402\" aria-hidden=\"true\"><\/svg><div class=\"wpgb-card-media-thumbnail\"><a href=\"https:\/\/www.agricamper.com\/wp-content\/uploads\/2026\/04\/agricamper-fioritura-castelluccio-umbria-camper-roulotte.jpg\" tabindex=\"-1\" class=\"wpgb-handle-lb wpgb-lightbox\" data-type=\"image\" data-rel=\"1\" data-title=\"agricamper-fioritura-castelluccio-umbria-camper-roulotte\" title=\"Agrandir la photo\"><div style=\"background-image:url(https:\/\/www.agricamper.com\/wp-content\/uploads\/2026\/04\/agricamper-fioritura-castelluccio-umbria-camper-roulotte-768x402.jpg)\"><\/div><noscript><img loading=\"lazy\" decoding=\"async\" class=\"wpgb-noscript-img\" src=\"https:\/\/www.agricamper.com\/wp-content\/uploads\/2026\/04\/agricamper-fioritura-castelluccio-umbria-camper-roulotte-768x402.jpg\" alt=\"\" height=\"402\" width=\"768\"><\/noscript><\/a><\/div><\/div><div class=\"wpgb-card-content wpgb-scheme-dark\"><div class=\"wpgb-card-body\"><h3 class=\"wpgb-block-1 itemBlog-titre\">D\u00e9but du printemps : 5 r\u00e9gions d&rsquo;Italie o\u00f9 la nature s&rsquo;\u00e9veille en premier<\/h3><\/div><div class=\"wpgb-card-footer\"><time class=\"wpgb-block-3 itemBlog-date\" datetime=\"2026-03-16T07:00:00+01:00\">16.03.26<\/time><div class=\"wpgb-block-4 itemBlog-categorie\"><span class=\"wpgb-block-term\" data-id=\"347\">Voyage en camping-car et caravane en Italie<\/span><\/div><\/div><\/div><a class=\"wpgb-card-layer-link\" href=\"https:\/\/www.agricamper.com\/fr\/get-inspired\/debut-du-printemps-5-regions-ditalie-ou-la-nature-seveille-en-premier\/\"><\/a><\/div><\/div><\/article><article class=\"wpgb-card wpgb-card-1 wpgb-post-4870\" data-col=\"1\" data-row=\"1\" data-format=\"standard\"><div class=\"wpgb-card-wrapper\"><div class=\"wpgb-card-inner itemBlog\" data-action><div class=\"wpgb-card-media wpgb-scheme-light\"><svg data-ratio style=\"padding-top:52.34%\" viewBox=\"0 0 768 402\" aria-hidden=\"true\"><\/svg><div class=\"wpgb-card-media-thumbnail\"><a href=\"https:\/\/www.agricamper.com\/wp-content\/uploads\/2026\/04\/agricamper-viaggio-in-camper-e-roulotte-con-il-cane.png\" tabindex=\"-1\" class=\"wpgb-handle-lb wpgb-lightbox\" data-type=\"image\" data-rel=\"1\" data-title=\"agricamper-viaggio-in-camper-e-roulotte-con-il-cane\" title=\"Agrandir la photo\"><div style=\"background-image:url(https:\/\/www.agricamper.com\/wp-content\/uploads\/2026\/04\/agricamper-viaggio-in-camper-e-roulotte-con-il-cane-768x402.png)\"><\/div><noscript><img loading=\"lazy\" decoding=\"async\" class=\"wpgb-noscript-img\" src=\"https:\/\/www.agricamper.com\/wp-content\/uploads\/2026\/04\/agricamper-viaggio-in-camper-e-roulotte-con-il-cane-768x402.png\" alt=\"\" height=\"402\" width=\"768\"><\/noscript><\/a><\/div><\/div><div class=\"wpgb-card-content wpgb-scheme-dark\"><div class=\"wpgb-card-body\"><h3 class=\"wpgb-block-1 itemBlog-titre\">Voyager en camping-car avec votre chien : conseils utiles pour choisir le lieu de s\u00e9jour id\u00e9al<\/h3><\/div><div class=\"wpgb-card-footer\"><time class=\"wpgb-block-3 itemBlog-date\" datetime=\"2026-03-09T07:00:00+01:00\">09.03.26<\/time><div class=\"wpgb-block-4 itemBlog-categorie\"><span class=\"wpgb-block-term\" data-id=\"391\">Conseils de voyage pour les camping-cars et les caravanes<\/span><span>, <\/span><span class=\"wpgb-block-term\" data-id=\"347\">Voyage en camping-car et caravane en Italie<\/span><\/div><\/div><\/div><a class=\"wpgb-card-layer-link\" href=\"https:\/\/www.agricamper.com\/fr\/get-inspired\/voyager-en-camping-car-avec-votre-chien-conseils-utiles-pour-choisir-le-lieu-de-sejour-ideal\/\"><\/a><\/div><\/div><\/article><article class=\"wpgb-card wpgb-card-1 wpgb-post-4859\" data-col=\"1\" data-row=\"1\" data-format=\"standard\"><div class=\"wpgb-card-wrapper\"><div class=\"wpgb-card-inner itemBlog\" data-action><div class=\"wpgb-card-media wpgb-scheme-light\"><svg data-ratio style=\"padding-top:52.34%\" viewBox=\"0 0 768 402\" aria-hidden=\"true\"><\/svg><div class=\"wpgb-card-media-thumbnail\"><a href=\"https:\/\/www.agricamper.com\/wp-content\/uploads\/2026\/04\/agricamper-maremma-camper-roulotte.jpg\" tabindex=\"-1\" class=\"wpgb-handle-lb wpgb-lightbox\" data-type=\"image\" data-rel=\"1\" data-title=\"agricamper-maremma-camper-roulotte\" title=\"Agrandir la photo\"><div style=\"background-image:url(https:\/\/www.agricamper.com\/wp-content\/uploads\/2026\/04\/agricamper-maremma-camper-roulotte-768x402.jpg)\"><\/div><noscript><img loading=\"lazy\" decoding=\"async\" class=\"wpgb-noscript-img\" src=\"https:\/\/www.agricamper.com\/wp-content\/uploads\/2026\/04\/agricamper-maremma-camper-roulotte-768x402.jpg\" alt=\"\" height=\"402\" width=\"768\"><\/noscript><\/a><\/div><\/div><div class=\"wpgb-card-content wpgb-scheme-dark\"><div class=\"wpgb-card-body\"><h3 class=\"wpgb-block-1 itemBlog-titre\">Voyage en camping-car dans la Maremme : entre mer, villages \u00e9trusques et nature infinie<\/h3><\/div><div class=\"wpgb-card-footer\"><time class=\"wpgb-block-3 itemBlog-date\" datetime=\"2026-03-02T07:00:00+01:00\">02.03.26<\/time><div class=\"wpgb-block-4 itemBlog-categorie\"><span class=\"wpgb-block-term\" data-id=\"347\">Voyage en camping-car et caravane en Italie<\/span><\/div><\/div><\/div><a class=\"wpgb-card-layer-link\" href=\"https:\/\/www.agricamper.com\/fr\/get-inspired\/voyage-en-camping-car-dans-la-maremme-entre-mer-villages-etrusques-et-nature-infinie\/\"><\/a><\/div><\/div><\/article><article class=\"wpgb-card wpgb-card-1 wpgb-post-4848\" data-col=\"1\" data-row=\"1\" data-format=\"standard\"><div class=\"wpgb-card-wrapper\"><div class=\"wpgb-card-inner itemBlog\" data-action><div class=\"wpgb-card-media wpgb-scheme-light\"><svg data-ratio style=\"padding-top:52.47%\" viewBox=\"0 0 768 403\" aria-hidden=\"true\"><\/svg><div class=\"wpgb-card-media-thumbnail\"><a href=\"https:\/\/www.agricamper.com\/wp-content\/uploads\/2026\/04\/agricamper-bevagna-umbria-camper-roulotte.png\" tabindex=\"-1\" class=\"wpgb-handle-lb wpgb-lightbox\" data-type=\"image\" data-rel=\"1\" data-title=\"agricamper-bevagna-umbria-camper-roulotte\" title=\"Agrandir la photo\"><div style=\"background-image:url(https:\/\/www.agricamper.com\/wp-content\/uploads\/2026\/04\/agricamper-bevagna-umbria-camper-roulotte-768x403.png)\"><\/div><noscript><img loading=\"lazy\" decoding=\"async\" class=\"wpgb-noscript-img\" src=\"https:\/\/www.agricamper.com\/wp-content\/uploads\/2026\/04\/agricamper-bevagna-umbria-camper-roulotte-768x403.png\" alt=\"\" height=\"403\" width=\"768\"><\/noscript><\/a><\/div><\/div><div class=\"wpgb-card-content wpgb-scheme-dark\"><div class=\"wpgb-card-body\"><h3 class=\"wpgb-block-1 itemBlog-titre\">L&rsquo;Italie int\u00e9rieure en camping-car : des r\u00e9gions m\u00e9connues \u00e0 d\u00e9couvrir<\/h3><\/div><div class=\"wpgb-card-footer\"><time class=\"wpgb-block-3 itemBlog-date\" datetime=\"2026-02-23T07:00:00+01:00\">23.02.26<\/time><div class=\"wpgb-block-4 itemBlog-categorie\"><span class=\"wpgb-block-term\" data-id=\"347\">Voyage en camping-car et caravane en Italie<\/span><\/div><\/div><\/div><a class=\"wpgb-card-layer-link\" href=\"https:\/\/www.agricamper.com\/fr\/get-inspired\/litalie-interieure-en-camping-car-des-regions-meconnues-a-decouvrir\/\"><\/a><\/div><\/div><\/article><article class=\"wpgb-card wpgb-card-1 wpgb-post-4837\" data-col=\"1\" data-row=\"1\" data-format=\"standard\"><div class=\"wpgb-card-wrapper\"><div class=\"wpgb-card-inner itemBlog\" data-action><div class=\"wpgb-card-media wpgb-scheme-light\"><svg data-ratio style=\"padding-top:52.47%\" viewBox=\"0 0 768 403\" aria-hidden=\"true\"><\/svg><div class=\"wpgb-card-media-thumbnail\"><a href=\"https:\/\/www.agricamper.com\/wp-content\/uploads\/2026\/04\/agricamper-colli-euganei-camper-roulotte-1.jpg\" tabindex=\"-1\" class=\"wpgb-handle-lb wpgb-lightbox\" data-type=\"image\" data-rel=\"1\" data-title=\"agricamper-colli-euganei-camper-roulotte-1\" title=\"Agrandir la photo\"><div style=\"background-image:url(https:\/\/www.agricamper.com\/wp-content\/uploads\/2026\/04\/agricamper-colli-euganei-camper-roulotte-1-768x403.jpg)\"><\/div><noscript><img loading=\"lazy\" decoding=\"async\" class=\"wpgb-noscript-img\" src=\"https:\/\/www.agricamper.com\/wp-content\/uploads\/2026\/04\/agricamper-colli-euganei-camper-roulotte-1-768x403.jpg\" alt=\"\" height=\"403\" width=\"768\"><\/noscript><\/a><\/div><\/div><div class=\"wpgb-card-content wpgb-scheme-dark\"><div class=\"wpgb-card-body\"><h3 class=\"wpgb-block-1 itemBlog-titre\">F\u00e9vrier en camping-car : le charme des destinations moins fr\u00e9quent\u00e9es<\/h3><\/div><div class=\"wpgb-card-footer\"><time class=\"wpgb-block-3 itemBlog-date\" datetime=\"2026-02-16T07:00:00+01:00\">16.02.26<\/time><div class=\"wpgb-block-4 itemBlog-categorie\"><span class=\"wpgb-block-term\" data-id=\"347\">Voyage en camping-car et caravane en Italie<\/span><\/div><\/div><\/div><a class=\"wpgb-card-layer-link\" href=\"https:\/\/www.agricamper.com\/fr\/get-inspired\/fevrier-en-camping-car-le-charme-des-destinations-moins-frequentees\/\"><\/a><\/div><\/div><\/article><article class=\"wpgb-card wpgb-card-1 wpgb-post-4826\" data-col=\"1\" data-row=\"1\" data-format=\"standard\"><div class=\"wpgb-card-wrapper\"><div class=\"wpgb-card-inner itemBlog\" data-action><div class=\"wpgb-card-media wpgb-scheme-light\"><svg data-ratio style=\"padding-top:52.99%\" viewBox=\"0 0 768 407\" aria-hidden=\"true\"><\/svg><div class=\"wpgb-card-media-thumbnail\"><a href=\"https:\/\/www.agricamper.com\/wp-content\/uploads\/2026\/04\/agricamper-carnevale-sardegna-camper-roulotte.png\" tabindex=\"-1\" class=\"wpgb-handle-lb wpgb-lightbox\" data-type=\"image\" data-rel=\"1\" data-title=\"agricamper-carnevale-sardegna-camper-roulotte\" title=\"Agrandir la photo\"><div style=\"background-image:url(https:\/\/www.agricamper.com\/wp-content\/uploads\/2026\/04\/agricamper-carnevale-sardegna-camper-roulotte-768x407.png)\"><\/div><noscript><img loading=\"lazy\" decoding=\"async\" class=\"wpgb-noscript-img\" src=\"https:\/\/www.agricamper.com\/wp-content\/uploads\/2026\/04\/agricamper-carnevale-sardegna-camper-roulotte-768x407.png\" alt=\"\" height=\"407\" width=\"768\"><\/noscript><\/a><\/div><\/div><div class=\"wpgb-card-content wpgb-scheme-dark\"><div class=\"wpgb-card-body\"><h3 class=\"wpgb-block-1 itemBlog-titre\">Carnaval en Sardaigne : masques anciens, paysages sauvages et voyages en toute libert\u00e9<\/h3><\/div><div class=\"wpgb-card-footer\"><time class=\"wpgb-block-3 itemBlog-date\" datetime=\"2026-02-09T07:00:00+01:00\">09.02.26<\/time><div class=\"wpgb-block-4 itemBlog-categorie\"><span class=\"wpgb-block-term\" data-id=\"347\">Voyage en camping-car et caravane en Italie<\/span><\/div><\/div><\/div><a class=\"wpgb-card-layer-link\" href=\"https:\/\/www.agricamper.com\/fr\/get-inspired\/carnaval-en-sardaigne-masques-anciens-paysages-sauvages-et-voyages-en-toute-liberte\/\"><\/a><\/div><\/div><\/article>\t\t<\/div>\n\t<\/div>\n\t<div class=\"wpgb-loader\">\n\t<div class=\"wpgb-loader-2\">\n\t\t<div><\/div><div><\/div><div><\/div><div><\/div><div><\/div><div><\/div><div><\/div><div><\/div><div><\/div>\t<\/div>\n<\/div>\n<\/div>\n\t<\/div>\n\t\t<\/div>\n<\/div>\n<\/div><div class=\"bde-shortcode-1889-118 bde-shortcode\"><div class=\"wpgb-facet wpgb-loading wpgb-facet-2\" data-facet=\"2\" data-grid=\"1\"><nav class=\"wpgb-pagination-facet\" aria-label=\"Navigation\"><ul class=\"wpgb-pagination\"><li class=\"wpgb-page\"><a href=\"https:\/\/www.agricamper.com\/fr\/sinspirer\/?_pagination=1\" aria-current=\"true\" aria-label=\"Page courante, Page 1\" data-page=\"1\">1<\/a><\/li><li class=\"wpgb-page\"><a href=\"https:\/\/www.agricamper.com\/fr\/sinspirer\/?_pagination=2\" aria-label=\"Aller \u00e0 la page 2\" data-page=\"2\">2<\/a><\/li><li class=\"wpgb-page\"><a href=\"https:\/\/www.agricamper.com\/fr\/sinspirer\/?_pagination=3\" aria-label=\"Aller \u00e0 la page 3\" data-page=\"3\">3<\/a><\/li><li class=\"wpgb-page\"><span class=\"wpgb-dots-page\">\u2026<\/span><\/li><li class=\"wpgb-page\"><a href=\"https:\/\/www.agricamper.com\/fr\/sinspirer\/?_pagination=16\" aria-label=\"Aller \u00e0 la page 16\" data-page=\"16\">16<\/a><\/li><li class=\"wpgb-page\"><a href=\"https:\/\/www.agricamper.com\/fr\/sinspirer\/?_pagination=17\" aria-label=\"Aller \u00e0 la page 17\" data-page=\"17\">17<\/a><\/li><li class=\"wpgb-page wpgb-page-next\"><a href=\"https:\/\/www.agricamper.com\/fr\/sinspirer\/?_pagination=2\" aria-label=\"Aller \u00e0 la page 2\" data-page=\"2\">Suivant<\/a><\/li><\/ul><\/nav><\/div><\/div><\/div>\n<\/section><\/div>","protected":false},"excerpt":{"rendered":"","protected":false},"author":1,"featured_media":0,"parent":0,"menu_order":0,"comment_status":"closed","ping_status":"closed","template":"","meta":{"_acf_changed":false,"_breakdance_hide_in_design_set":false,"_breakdance_tags":"","footnotes":""},"class_list":["post-1889","page","type-page","status-publish","hentry"],"acf":[],"_links":{"self":[{"href":"https:\/\/www.agricamper.com\/fr\/wp-json\/wp\/v2\/pages\/1889","targetHints":{"allow":["GET"]}}],"collection":[{"href":"https:\/\/www.agricamper.com\/fr\/wp-json\/wp\/v2\/pages"}],"about":[{"href":"https:\/\/www.agricamper.com\/fr\/wp-json\/wp\/v2\/types\/page"}],"author":[{"embeddable":true,"href":"https:\/\/www.agricamper.com\/fr\/wp-json\/wp\/v2\/users\/1"}],"replies":[{"embeddable":true,"href":"https:\/\/www.agricamper.com\/fr\/wp-json\/wp\/v2\/comments?post=1889"}],"version-history":[{"count":9,"href":"https:\/\/www.agricamper.com\/fr\/wp-json\/wp\/v2\/pages\/1889\/revisions"}],"predecessor-version":[{"id":279531,"href":"https:\/\/www.agricamper.com\/fr\/wp-json\/wp\/v2\/pages\/1889\/revisions\/279531"}],"wp:attachment":[{"href":"https:\/\/www.agricamper.com\/fr\/wp-json\/wp\/v2\/media?parent=1889"}],"curies":[{"name":"wp","href":"https:\/\/api.w.org\/{rel}","templated":true}]}}