{"id":35071,"date":"2023-12-11T12:10:01","date_gmt":"2023-12-11T11:10:01","guid":{"rendered":"https:\/\/www.agricamper-italia.com\/?post_type=ht_kb&#038;p=35071"},"modified":"2023-12-11T12:10:01","modified_gmt":"2023-12-11T11:10:01","slug":"sind-die-gastgeber-das-ganze-jahr-ueber-geoeffnet","status":"publish","type":"ht_kb","link":"https:\/\/www.agricamper.com\/de\/knowledge-base-de\/sind-die-gastgeber-das-ganze-jahr-ueber-geoeffnet\/","title":{"rendered":"Sind die Gastgeber das ganze Jahr \u00fcber ge\u00f6ffnet?"},"content":{"rendered":"\n<p><strong>Die meisten Gastgeber<\/strong> bleiben als produktive T\u00e4tigkeiten das <strong>ganze Jahr \u00fcber ge\u00f6ffnet<\/strong>. Einige k\u00f6nnen jedoch zu bestimmten Zeiten geschlossen sein, z. B. w\u00e4hrend der Weinlese oder an bestimmten Feiertagen.  <\/p>\n\n<p>Einige Gastgeber bitten um eine Anreise zu <strong>bestimmten Tageszeiten<\/strong>, da sie beruflich oder privat eingeschr\u00e4nkt sind (K\u00fche melken, Feldarbeit usw.).  <\/p>\n\n<p><strong>Informieren Sie sich auf den Informationsbl\u00e4ttern der Gastgeber<\/strong> \u00fcber die Betriebszeiten und eventuelle Schlie\u00dfungen.<\/p>\n","protected":false},"excerpt":{"rendered":"<p>Die meisten Gastgeber bleiben als produktive T\u00e4tigkeiten das ganze Jahr \u00fcber ge\u00f6ffnet. Einige k\u00f6nnen jedoch zu bestimmten Zeiten geschlossen sein, z. B. w\u00e4hrend der Weinlese oder an bestimmten Feiertagen. Einige Gastgeber bitten um eine Anreise zu bestimmten Tageszeiten, da sie beruflich oder privat eingeschr\u00e4nkt sind (K\u00fche melken, Feldarbeit usw.). Informieren Sie sich auf den Informationsbl\u00e4ttern [&hellip;]<\/p>\n","protected":false},"author":6724,"comment_status":"closed","ping_status":"closed","template":"","format":"standard","meta":{"footnotes":""},"ht-kb-category":[610],"ht-kb-tag":[],"class_list":["post-35071","ht_kb","type-ht_kb","status-publish","format-standard","hentry","ht_kb_category-gastgeber"],"aioseo_notices":[],"_links":{"self":[{"href":"https:\/\/www.agricamper.com\/de\/wp-json\/wp\/v2\/ht-kb\/35071","targetHints":{"allow":["GET"]}}],"collection":[{"href":"https:\/\/www.agricamper.com\/de\/wp-json\/wp\/v2\/ht-kb"}],"about":[{"href":"https:\/\/www.agricamper.com\/de\/wp-json\/wp\/v2\/types\/ht_kb"}],"author":[{"embeddable":true,"href":"https:\/\/www.agricamper.com\/de\/wp-json\/wp\/v2\/users\/6724"}],"replies":[{"embeddable":true,"href":"https:\/\/www.agricamper.com\/de\/wp-json\/wp\/v2\/comments?post=35071"}],"version-history":[{"count":1,"href":"https:\/\/www.agricamper.com\/de\/wp-json\/wp\/v2\/ht-kb\/35071\/revisions"}],"predecessor-version":[{"id":35072,"href":"https:\/\/www.agricamper.com\/de\/wp-json\/wp\/v2\/ht-kb\/35071\/revisions\/35072"}],"wp:attachment":[{"href":"https:\/\/www.agricamper.com\/de\/wp-json\/wp\/v2\/media?parent=35071"}],"wp:term":[{"taxonomy":"ht_kb_category","embeddable":true,"href":"https:\/\/www.agricamper.com\/de\/wp-json\/wp\/v2\/ht-kb-category?post=35071"},{"taxonomy":"ht_kb_tag","embeddable":true,"href":"https:\/\/www.agricamper.com\/de\/wp-json\/wp\/v2\/ht-kb-tag?post=35071"}],"curies":[{"name":"wp","href":"https:\/\/api.w.org\/{rel}","templated":true}]}}